{"id":172,"date":"2023-01-07T13:30:33","date_gmt":"2023-01-07T12:30:33","guid":{"rendered":"https:\/\/www.kopernikusschule.de\/cms\/?page_id=172"},"modified":"2023-05-11T12:21:10","modified_gmt":"2023-05-11T10:21:10","slug":"foerderverein","status":"publish","type":"page","link":"https:\/\/www.kopernikusschule.de\/cms\/foerderverein\/","title":{"rendered":"F\u00f6rderverein"},"content":{"rendered":"\t\t<div data-elementor-type=\"wp-page\" data-elementor-id=\"172\" class=\"elementor elementor-172\" data-elementor-settings=\"{&quot;ha_cmc_init_switcher&quot;:&quot;no&quot;}\">\n\t\t\t\t\t\t<section class=\"elementor-section elementor-top-section elementor-element elementor-element-4628032 elementor-section-boxed elementor-section-height-default elementor-section-height-default wpr-particle-no wpr-jarallax-no wpr-parallax-no wpr-sticky-section-no wpr-equal-height-no\" data-id=\"4628032\" data-element_type=\"section\" data-e-type=\"section\" data-settings=\"{&quot;_ha_eqh_enable&quot;:false}\">\n\t\t\t\t\t\t<div class=\"elementor-container elementor-column-gap-default\">\n\t\t\t\t\t<div class=\"elementor-column elementor-col-100 elementor-top-column elementor-element elementor-element-55e74c5\" data-id=\"55e74c5\" data-element_type=\"column\" data-e-type=\"column\">\n\t\t\t<div class=\"elementor-widget-wrap elementor-element-populated\">\n\t\t\t\t\t\t<div class=\"elementor-element elementor-element-85af170 elementor-widget elementor-widget-text-editor\" data-id=\"85af170\" data-element_type=\"widget\" data-e-type=\"widget\" data-widget_type=\"text-editor.default\">\n\t\t\t\t<div class=\"elementor-widget-container\">\n\t\t\t\t\t\t\t\t\t<p>Um unsere p\u00e4dagogische Arbeit zu unterst\u00fctzen, engagiert sich der F\u00f6rderverein\u00a0der Kopernikusschule in vielf\u00e4ltigen Projekten. So wurden im Schuljahr 2017\/18 die Klassengemeinschaftstage der Klassenstufe 5, die Ausbildung der Sch\u00fclerhelfer und die Begleitung der Kinder und Jugendlichen in den Sprachf\u00f6rdergruppen durch Erg\u00e4nzungskr\u00e4fte, mit finanzieller Unterst\u00fctzung des F\u00f6rdervereins, der Dr. Arnold-Hueck-Stiftung sowie der Karl Br\u00f6cker Stiftung erm\u00f6glicht.<\/p><p>Jeder F\u00f6rderverein ben\u00f6tigt Mitglieder. Deshalb bitten wir Sie:<br \/>Engagieren Sie sich, werden Sie Mitglied im F\u00f6rderverein der Kopernikusschule.<br \/>Der Jahresbeitrag betr\u00e4gt 6 Euro. Der Vorsitzende unseres F\u00f6rdervereins ist Herr Pelkmann. Gerne gibt er Ihnen Informationen zur Mitgliedschaft.<\/p><p>M\u00f6chten Sie unseren F\u00f6rderverein durch eine Spende unterst\u00fctzen?<br \/>Spenden k\u00f6nnen auf das Konto des F\u00f6rdervereines \u00fcberwiesen werden.<\/p><p>IBAN: DE84 4166 0124 0775 9001 08<br \/>BIC:\u00a0GENODEM1LPS<br \/>Institut:\u00a0Volksbank Beckum-Lippstadt<\/p><p>Auf Wunsch stellt Ihnen der F\u00f6rderverein eine Spendenquittung aus.<\/p>\t\t\t\t\t\t\t\t<\/div>\n\t\t\t\t<\/div>\n\t\t\t\t\t<\/div>\n\t\t<\/div>\n\t\t\t\t\t<\/div>\n\t\t<\/section>\n\t\t\t\t<section class=\"elementor-section elementor-top-section elementor-element elementor-element-bee5a13 elementor-section-boxed elementor-section-height-default elementor-section-height-default wpr-particle-no wpr-jarallax-no wpr-parallax-no wpr-sticky-section-no wpr-equal-height-no\" data-id=\"bee5a13\" data-element_type=\"section\" data-e-type=\"section\" data-settings=\"{&quot;_ha_eqh_enable&quot;:false}\">\n\t\t\t\t\t\t<div class=\"elementor-container elementor-column-gap-default\">\n\t\t\t\t\t<div class=\"elementor-column elementor-col-100 elementor-top-column elementor-element elementor-element-d67d17b\" data-id=\"d67d17b\" data-element_type=\"column\" data-e-type=\"column\">\n\t\t\t<div class=\"elementor-widget-wrap elementor-element-populated\">\n\t\t\t\t\t\t<div class=\"elementor-element elementor-element-2f36bec elementor-widget elementor-widget-image\" data-id=\"2f36bec\" data-element_type=\"widget\" data-e-type=\"widget\" data-widget_type=\"image.default\">\n\t\t\t\t<div class=\"elementor-widget-container\">\n\t\t\t\t\t\t\t\t\t\t\t\t\t\t\t<img decoding=\"async\" src=\"https:\/\/www.kopernikusschule.de\/images\/foerderverein2022.jpg\" title=\"\" alt=\"\" loading=\"lazy\" \/>\t\t\t\t\t\t\t\t\t\t\t\t\t\t\t<\/div>\n\t\t\t\t<\/div>\n\t\t\t\t\t<\/div>\n\t\t<\/div>\n\t\t\t\t\t<\/div>\n\t\t<\/section>\n\t\t\t\t<section class=\"elementor-section elementor-top-section elementor-element elementor-element-31406eb elementor-section-boxed elementor-section-height-default elementor-section-height-default wpr-particle-no wpr-jarallax-no wpr-parallax-no wpr-sticky-section-no wpr-equal-height-no\" data-id=\"31406eb\" data-element_type=\"section\" data-e-type=\"section\" data-settings=\"{&quot;_ha_eqh_enable&quot;:false}\">\n\t\t\t\t\t\t<div class=\"elementor-container elementor-column-gap-default\">\n\t\t\t\t\t<div class=\"elementor-column elementor-col-100 elementor-top-column elementor-element elementor-element-1388d77\" data-id=\"1388d77\" data-element_type=\"column\" data-e-type=\"column\">\n\t\t\t<div class=\"elementor-widget-wrap elementor-element-populated\">\n\t\t\t\t\t\t<div class=\"elementor-element elementor-element-5ca453e elementor-widget elementor-widget-text-editor\" data-id=\"5ca453e\" data-element_type=\"widget\" data-e-type=\"widget\" data-widget_type=\"text-editor.default\">\n\t\t\t\t<div class=\"elementor-widget-container\">\n\t\t\t\t\t\t\t\t\t<p><span style=\"text-decoration: underline;\"><strong>Der Vorstand unseres F\u00f6rdervereins<\/strong><\/span><\/p><p>neu ab dem Schuljahr 2019\/20:<\/p><p>1. Vorsitzender: Herr Pelkmann<br \/>2. Vorsitzende: Frau Werlich<br \/>3. Kassierer \/ Gesch\u00e4ftsf\u00fchrung: Frau Drewes<br \/>4. Schriftf\u00fchrung: Frau Laumeier<\/p><p>Sie erreichen unseren F\u00f6rderverein unter folgender E-Mail-Adresse:<\/p><p>foerderverein@kopernikusschule.de<\/p>\t\t\t\t\t\t\t\t<\/div>\n\t\t\t\t<\/div>\n\t\t\t\t\t<\/div>\n\t\t<\/div>\n\t\t\t\t\t<\/div>\n\t\t<\/section>\n\t\t\t\t<section class=\"elementor-section elementor-top-section elementor-element elementor-element-56333a4 elementor-section-boxed elementor-section-height-default elementor-section-height-default wpr-particle-no wpr-jarallax-no wpr-parallax-no wpr-sticky-section-no wpr-equal-height-no\" data-id=\"56333a4\" data-element_type=\"section\" data-e-type=\"section\" data-settings=\"{&quot;_ha_eqh_enable&quot;:false}\">\n\t\t\t\t\t\t<div class=\"elementor-container elementor-column-gap-default\">\n\t\t\t\t\t<div class=\"elementor-column elementor-col-100 elementor-top-column elementor-element elementor-element-2b57284\" data-id=\"2b57284\" data-element_type=\"column\" data-e-type=\"column\">\n\t\t\t<div class=\"elementor-widget-wrap elementor-element-populated\">\n\t\t\t\t\t\t<div class=\"elementor-element elementor-element-d6a9b3f elementor-widget elementor-widget-image\" data-id=\"d6a9b3f\" data-element_type=\"widget\" data-e-type=\"widget\" data-widget_type=\"image.default\">\n\t\t\t\t<div class=\"elementor-widget-container\">\n\t\t\t\t\t\t\t\t\t\t\t\t<figure class=\"wp-caption\">\n\t\t\t\t\t\t\t\t\t\t<img decoding=\"async\" src=\"https:\/\/www.kopernikusschule.de\/images\/foerderverein_bank.jpg\" title=\"\" alt=\"\" loading=\"lazy\" \/>\t\t\t\t\t\t\t\t\t\t\t<figcaption class=\"widget-image-caption wp-caption-text\">ganz entspannt die Pause verbringen - gesponsert vom F\u00f6rderverein der Kopernikusschule<\/figcaption>\n\t\t\t\t\t\t\t\t\t\t<\/figure>\n\t\t\t\t\t\t\t\t\t<\/div>\n\t\t\t\t<\/div>\n\t\t\t\t\t<\/div>\n\t\t<\/div>\n\t\t\t\t\t<\/div>\n\t\t<\/section>\n\t\t\t\t<section class=\"elementor-section elementor-top-section elementor-element elementor-element-b1840cc elementor-section-boxed elementor-section-height-default elementor-section-height-default wpr-particle-no wpr-jarallax-no wpr-parallax-no wpr-sticky-section-no wpr-equal-height-no\" data-id=\"b1840cc\" data-element_type=\"section\" data-e-type=\"section\" data-settings=\"{&quot;_ha_eqh_enable&quot;:false}\">\n\t\t\t\t\t\t<div class=\"elementor-container elementor-column-gap-default\">\n\t\t\t\t\t<div class=\"elementor-column elementor-col-100 elementor-top-column elementor-element elementor-element-a319aaf\" data-id=\"a319aaf\" data-element_type=\"column\" data-e-type=\"column\">\n\t\t\t<div class=\"elementor-widget-wrap elementor-element-populated\">\n\t\t\t\t\t\t<div class=\"elementor-element elementor-element-f885b00 elementor-widget-divider--view-line elementor-widget elementor-widget-divider\" data-id=\"f885b00\" data-element_type=\"widget\" data-e-type=\"widget\" data-widget_type=\"divider.default\">\n\t\t\t\t<div class=\"elementor-widget-container\">\n\t\t\t\t\t\t\t<div class=\"elementor-divider\">\n\t\t\t<span class=\"elementor-divider-separator\">\n\t\t\t\t\t\t<\/span>\n\t\t<\/div>\n\t\t\t\t\t\t<\/div>\n\t\t\t\t<\/div>\n\t\t\t\t\t<\/div>\n\t\t<\/div>\n\t\t\t\t\t<\/div>\n\t\t<\/section>\n\t\t\t\t<section class=\"elementor-section elementor-top-section elementor-element elementor-element-cc3d179 elementor-section-boxed elementor-section-height-default elementor-section-height-default wpr-particle-no wpr-jarallax-no wpr-parallax-no wpr-sticky-section-no wpr-equal-height-no\" data-id=\"cc3d179\" data-element_type=\"section\" data-e-type=\"section\" data-settings=\"{&quot;_ha_eqh_enable&quot;:false}\">\n\t\t\t\t\t\t<div class=\"elementor-container elementor-column-gap-default\">\n\t\t\t\t\t<div class=\"elementor-column elementor-col-100 elementor-top-column elementor-element elementor-element-a1c6f40\" data-id=\"a1c6f40\" data-element_type=\"column\" data-e-type=\"column\">\n\t\t\t<div class=\"elementor-widget-wrap elementor-element-populated\">\n\t\t\t\t\t\t<div class=\"elementor-element elementor-element-148c1e5 elementor-widget elementor-widget-text-editor\" data-id=\"148c1e5\" data-element_type=\"widget\" data-e-type=\"widget\" data-widget_type=\"text-editor.default\">\n\t\t\t\t<div class=\"elementor-widget-container\">\n\t\t\t\t\t\t\t\t\t<p><strong><span style=\"text-decoration: underline;\">Erster Tr\u00f6delmarkt am 16.09.2017 war ein Erfolg f\u00fcr den F\u00f6rderverein<\/span><\/strong><\/p>\t\t\t\t\t\t\t\t<\/div>\n\t\t\t\t<\/div>\n\t\t\t\t\t<\/div>\n\t\t<\/div>\n\t\t\t\t\t<\/div>\n\t\t<\/section>\n\t\t\t\t<section class=\"elementor-section elementor-top-section elementor-element elementor-element-8f110ff elementor-section-boxed elementor-section-height-default elementor-section-height-default wpr-particle-no wpr-jarallax-no wpr-parallax-no wpr-sticky-section-no wpr-equal-height-no\" data-id=\"8f110ff\" data-element_type=\"section\" data-e-type=\"section\" data-settings=\"{&quot;_ha_eqh_enable&quot;:false}\">\n\t\t\t\t\t\t<div class=\"elementor-container elementor-column-gap-default\">\n\t\t\t\t\t<div class=\"elementor-column elementor-col-100 elementor-top-column elementor-element elementor-element-b42e819\" data-id=\"b42e819\" data-element_type=\"column\" data-e-type=\"column\">\n\t\t\t<div class=\"elementor-widget-wrap elementor-element-populated\">\n\t\t\t\t\t\t<div class=\"elementor-element elementor-element-7643981 elementor-widget elementor-widget-image\" data-id=\"7643981\" data-element_type=\"widget\" data-e-type=\"widget\" data-widget_type=\"image.default\">\n\t\t\t\t<div class=\"elementor-widget-container\">\n\t\t\t\t\t\t\t\t\t\t\t\t\t\t\t<img decoding=\"async\" src=\"https:\/\/www.kopernikusschule.de\/images\/troedelmarkt.jpg\" title=\"\" alt=\"\" loading=\"lazy\" \/>\t\t\t\t\t\t\t\t\t\t\t\t\t\t\t<\/div>\n\t\t\t\t<\/div>\n\t\t\t\t\t<\/div>\n\t\t<\/div>\n\t\t\t\t\t<\/div>\n\t\t<\/section>\n\t\t\t\t<\/div>\n\t\t","protected":false},"excerpt":{"rendered":"<p>Um unsere p\u00e4dagogische Arbeit zu unterst\u00fctzen, engagiert sich der F\u00f6rderverein\u00a0der Kopernikusschule in vielf\u00e4ltigen Projekten. So wurden im Schuljahr 2017\/18 die Klassengemeinschaftstage der Klassenstufe 5, die Ausbildung der Sch\u00fclerhelfer und die&#8230;<\/p>\n","protected":false},"author":1,"featured_media":0,"parent":0,"menu_order":0,"comment_status":"closed","ping_status":"closed","template":"","meta":{"footnotes":""},"class_list":["post-172","page","type-page","status-publish","hentry","entry"],"featured_image_src":null,"_links":{"self":[{"href":"https:\/\/www.kopernikusschule.de\/cms\/wp-json\/wp\/v2\/pages\/172","targetHints":{"allow":["GET"]}}],"collection":[{"href":"https:\/\/www.kopernikusschule.de\/cms\/wp-json\/wp\/v2\/pages"}],"about":[{"href":"https:\/\/www.kopernikusschule.de\/cms\/wp-json\/wp\/v2\/types\/page"}],"author":[{"embeddable":true,"href":"https:\/\/www.kopernikusschule.de\/cms\/wp-json\/wp\/v2\/users\/1"}],"replies":[{"embeddable":true,"href":"https:\/\/www.kopernikusschule.de\/cms\/wp-json\/wp\/v2\/comments?post=172"}],"version-history":[{"count":7,"href":"https:\/\/www.kopernikusschule.de\/cms\/wp-json\/wp\/v2\/pages\/172\/revisions"}],"predecessor-version":[{"id":427,"href":"https:\/\/www.kopernikusschule.de\/cms\/wp-json\/wp\/v2\/pages\/172\/revisions\/427"}],"wp:attachment":[{"href":"https:\/\/www.kopernikusschule.de\/cms\/wp-json\/wp\/v2\/media?parent=172"}],"curies":[{"name":"wp","href":"https:\/\/api.w.org\/{rel}","templated":true}]}}